{"id":20,"date":"2010-10-10T14:21:40","date_gmt":"2010-10-10T14:21:40","guid":{"rendered":"http:\/\/www.wow-media.com\/"},"modified":"2012-05-14T15:00:11","modified_gmt":"2012-05-14T15:00:11","slug":"journalismus","status":"publish","type":"page","link":"http:\/\/www.wow-media.com\/?page_id=20","title":{"rendered":"Journalismus"},"content":{"rendered":"<h3>Redakteur bei ARD-aktuell in Hamburg<\/h3>\n<p>Einsatz in Kiel bei der Landtagswahl in Schleswig-Holstein am 06. Mai 2012<\/p>\n<!-- index.php -->\r\n<div\r\n\tclass=\"ngg-galleryoverview ngg-ajax-pagination-none\"\r\n\tid=\"ngg-gallery-c6627c59619fec0da58b1edcb6f6f983-1\">\r\n\r\n    \t\t<!-- Thumbnails -->\r\n\t\t\t\t<div id=\"ngg-image-0\" class=\"ngg-gallery-thumbnail-box\" >\r\n\t\t\t\t        <div class=\"ngg-gallery-thumbnail\">\r\n            <a href=\"http:\/\/www.wow-media.com\/wp-content\/gallery\/landtagswahl_kiel_2012\/dsc00011.jpg\"\r\n               title=\"Am 6. Mai durften die B\u00fcrger in Schleswig-Holstein vorzeitig ein neues Parlament w\u00e4hlen.\"\r\n               data-src=\"http:\/\/www.wow-media.com\/wp-content\/gallery\/landtagswahl_kiel_2012\/dsc00011.jpg\"\r\n               data-thumbnail=\"http:\/\/www.wow-media.com\/wp-content\/gallery\/landtagswahl_kiel_2012\/thumbs\/thumbs_dsc00011.jpg\"\r\n               data-image-id=\"203\"\r\n               data-title=\"Landtag in Kiel\"\r\n               data-description=\"Am 6. Mai durften die B\u00fcrger in Schleswig-Holstein vorzeitig ein neues Parlament w\u00e4hlen.\"\r\n               data-image-slug=\"landtag-in-kiel\"\r\n               class=\"shutterset_c6627c59619fec0da58b1edcb6f6f983\">\r\n                <img\r\n                    title=\"Landtag in Kiel\"\r\n                    alt=\"Landtag in Kiel\"\r\n                    src=\"http:\/\/www.wow-media.com\/wp-content\/gallery\/landtagswahl_kiel_2012\/thumbs\/thumbs_dsc00011.jpg\"\r\n                    width=\"100\"\r\n                    height=\"75\"\r\n                    style=\"max-width:100%;\"\r\n                \/>\r\n            <\/a>\r\n        <\/div>\r\n\t\t\t\t\t\t\t<\/div> \r\n\t\t\t\r\n                            \r\n\t\t\t\t<div id=\"ngg-image-1\" class=\"ngg-gallery-thumbnail-box\" >\r\n\t\t\t\t        <div class=\"ngg-gallery-thumbnail\">\r\n            <a href=\"http:\/\/www.wow-media.com\/wp-content\/gallery\/landtagswahl_kiel_2012\/dsc00041.jpg\"\r\n               title=\"Im Landtag warteten die Journalisten gespannt auf den Ausgang der Abstimmung.\"\r\n               data-src=\"http:\/\/www.wow-media.com\/wp-content\/gallery\/landtagswahl_kiel_2012\/dsc00041.jpg\"\r\n               data-thumbnail=\"http:\/\/www.wow-media.com\/wp-content\/gallery\/landtagswahl_kiel_2012\/thumbs\/thumbs_dsc00041.jpg\"\r\n               data-image-id=\"204\"\r\n               data-title=\"ARD-Wahlstudio in Kiel\"\r\n               data-description=\"Im Landtag warteten die Journalisten gespannt auf den Ausgang der Abstimmung.\"\r\n               data-image-slug=\"ard-wahlstudio-in-kiel\"\r\n               class=\"shutterset_c6627c59619fec0da58b1edcb6f6f983\">\r\n                <img\r\n                    title=\"ARD-Wahlstudio in Kiel\"\r\n                    alt=\"ARD-Wahlstudio in Kiel\"\r\n                    src=\"http:\/\/www.wow-media.com\/wp-content\/gallery\/landtagswahl_kiel_2012\/thumbs\/thumbs_dsc00041.jpg\"\r\n                    width=\"100\"\r\n                    height=\"75\"\r\n                    style=\"max-width:100%;\"\r\n                \/>\r\n            <\/a>\r\n        <\/div>\r\n\t\t\t\t\t\t\t<\/div> \r\n\t\t\t\r\n                            \r\n\t\t\t\t<div id=\"ngg-image-2\" class=\"ngg-gallery-thumbnail-box\" >\r\n\t\t\t\t        <div class=\"ngg-gallery-thumbnail\">\r\n            <a href=\"http:\/\/www.wow-media.com\/wp-content\/gallery\/landtagswahl_kiel_2012\/dsc00056.jpg\"\r\n               title=\"Beitr\u00e4ge f\u00fcr die Wahlsendung und die Tagesschau wurden in den Schnittmobilen am Landtag zusammengestellt.\"\r\n               data-src=\"http:\/\/www.wow-media.com\/wp-content\/gallery\/landtagswahl_kiel_2012\/dsc00056.jpg\"\r\n               data-thumbnail=\"http:\/\/www.wow-media.com\/wp-content\/gallery\/landtagswahl_kiel_2012\/thumbs\/thumbs_dsc00056.jpg\"\r\n               data-image-id=\"205\"\r\n               data-title=\"ARD-Schnittmobil in Kiel\"\r\n               data-description=\"Beitr\u00e4ge f\u00fcr die Wahlsendung und die Tagesschau wurden in den Schnittmobilen am Landtag zusammengestellt.\"\r\n               data-image-slug=\"ard-schnittmobil-in-kiel\"\r\n               class=\"shutterset_c6627c59619fec0da58b1edcb6f6f983\">\r\n                <img\r\n                    title=\"ARD-Schnittmobil in Kiel\"\r\n                    alt=\"ARD-Schnittmobil in Kiel\"\r\n                    src=\"http:\/\/www.wow-media.com\/wp-content\/gallery\/landtagswahl_kiel_2012\/thumbs\/thumbs_dsc00056.jpg\"\r\n                    width=\"100\"\r\n                    height=\"75\"\r\n                    style=\"max-width:100%;\"\r\n                \/>\r\n            <\/a>\r\n        <\/div>\r\n\t\t\t\t\t\t\t<\/div> \r\n\t\t\t\r\n                            \r\n\t\t\t\t<div id=\"ngg-image-3\" class=\"ngg-gallery-thumbnail-box\" >\r\n\t\t\t\t        <div class=\"ngg-gallery-thumbnail\">\r\n            <a href=\"http:\/\/www.wow-media.com\/wp-content\/gallery\/landtagswahl_kiel_2012\/dsc00088.jpg\"\r\n               title=\"Zur Tagesschau um 20 Uhr trafen sich die Spitzenkandidaten der Wahl zu einem kurzen Gespr\u00e4ch im ARD-Wahlstudio.\"\r\n               data-src=\"http:\/\/www.wow-media.com\/wp-content\/gallery\/landtagswahl_kiel_2012\/dsc00088.jpg\"\r\n               data-thumbnail=\"http:\/\/www.wow-media.com\/wp-content\/gallery\/landtagswahl_kiel_2012\/thumbs\/thumbs_dsc00088.jpg\"\r\n               data-image-id=\"206\"\r\n               data-title=\"Runde der Spitzenkandidaten in Kiel\"\r\n               data-description=\"Zur Tagesschau um 20 Uhr trafen sich die Spitzenkandidaten der Wahl zu einem kurzen Gespr\u00e4ch im ARD-Wahlstudio.\"\r\n               data-image-slug=\"runde-der-spitzenkandidaten-in-kiel\"\r\n               class=\"shutterset_c6627c59619fec0da58b1edcb6f6f983\">\r\n                <img\r\n                    title=\"Runde der Spitzenkandidaten in Kiel\"\r\n                    alt=\"Runde der Spitzenkandidaten in Kiel\"\r\n                    src=\"http:\/\/www.wow-media.com\/wp-content\/gallery\/landtagswahl_kiel_2012\/thumbs\/thumbs_dsc00088.jpg\"\r\n                    width=\"100\"\r\n                    height=\"75\"\r\n                    style=\"max-width:100%;\"\r\n                \/>\r\n            <\/a>\r\n        <\/div>\r\n\t\t\t\t\t\t\t<\/div> \r\n\t\t\t\r\n                            \r\n\t\t\t\t<div id=\"ngg-image-4\" class=\"ngg-gallery-thumbnail-box\" >\r\n\t\t\t\t        <div class=\"ngg-gallery-thumbnail\">\r\n            <a href=\"http:\/\/www.wow-media.com\/wp-content\/gallery\/landtagswahl_kiel_2012\/dsc00099.jpg\"\r\n               title=\"Erst nach Mitternacht stand das vorl\u00e4ufige amtliche Endergebnis fest und konnte von WDR-Chefredakteur J\u00f6rg Sch\u00f6nenborn bekanntgegeben werden.\"\r\n               data-src=\"http:\/\/www.wow-media.com\/wp-content\/gallery\/landtagswahl_kiel_2012\/dsc00099.jpg\"\r\n               data-thumbnail=\"http:\/\/www.wow-media.com\/wp-content\/gallery\/landtagswahl_kiel_2012\/thumbs\/thumbs_dsc00099.jpg\"\r\n               data-image-id=\"207\"\r\n               data-title=\"Sch\u00f6nenborn &amp; Wichmann\"\r\n               data-description=\"Erst nach Mitternacht stand das vorl\u00e4ufige amtliche Endergebnis fest und konnte von WDR-Chefredakteur J\u00f6rg Sch\u00f6nenborn bekanntgegeben werden.\"\r\n               data-image-slug=\"schonenborn-wichmann\"\r\n               class=\"shutterset_c6627c59619fec0da58b1edcb6f6f983\">\r\n                <img\r\n                    title=\"Sch\u00f6nenborn &amp; Wichmann\"\r\n                    alt=\"Sch\u00f6nenborn &amp; Wichmann\"\r\n                    src=\"http:\/\/www.wow-media.com\/wp-content\/gallery\/landtagswahl_kiel_2012\/thumbs\/thumbs_dsc00099.jpg\"\r\n                    width=\"100\"\r\n                    height=\"75\"\r\n                    style=\"max-width:100%;\"\r\n                \/>\r\n            <\/a>\r\n        <\/div>\r\n\t\t\t\t\t\t\t<\/div> \r\n\t\t\t\r\n                                    <br style=\"clear: both\" \/>\r\n                    \r\n\t\t\r\n\t\t<!-- Pagination -->\r\n\t<div class='ngg-clear'><\/div>\t<\/div>\r\n\n<p>&nbsp;<\/p>\n<h3>Nachrichtensprecher bei BLR &amp; Radiodienst, M\u00fcnchen<\/h3>\n<!-- index.php -->\r\n<div\r\n\tclass=\"ngg-galleryoverview ngg-ajax-pagination-none\"\r\n\tid=\"ngg-gallery-22c690e933290f2b9bb4b42ccec4508a-1\">\r\n\r\n    \t\t<!-- Thumbnails -->\r\n\t\t\t\t<div id=\"ngg-image-0\" class=\"ngg-gallery-thumbnail-box\" >\r\n\t\t\t\t        <div class=\"ngg-gallery-thumbnail\">\r\n            <a href=\"http:\/\/www.wow-media.com\/wp-content\/gallery\/blrampradiodienst\/imgp0243.jpg\"\r\n               title=\"\"\r\n               data-src=\"http:\/\/www.wow-media.com\/wp-content\/gallery\/blrampradiodienst\/imgp0243.jpg\"\r\n               data-thumbnail=\"http:\/\/www.wow-media.com\/wp-content\/gallery\/blrampradiodienst\/thumbs\/thumbs_imgp0243.jpg\"\r\n               data-image-id=\"35\"\r\n               data-title=\"imgp0243\"\r\n               data-description=\"\"\r\n               data-image-slug=\"imgp0243\"\r\n               class=\"shutterset_22c690e933290f2b9bb4b42ccec4508a\">\r\n                <img\r\n                    title=\"imgp0243\"\r\n                    alt=\"imgp0243\"\r\n                    src=\"http:\/\/www.wow-media.com\/wp-content\/gallery\/blrampradiodienst\/thumbs\/thumbs_imgp0243.jpg\"\r\n                    width=\"100\"\r\n                    height=\"75\"\r\n                    style=\"max-width:100%;\"\r\n                \/>\r\n            <\/a>\r\n        <\/div>\r\n\t\t\t\t\t\t\t<\/div> \r\n\t\t\t\r\n                            \r\n\t\t\t\t<div id=\"ngg-image-1\" class=\"ngg-gallery-thumbnail-box\" >\r\n\t\t\t\t        <div class=\"ngg-gallery-thumbnail\">\r\n            <a href=\"http:\/\/www.wow-media.com\/wp-content\/gallery\/blrampradiodienst\/imgp0256.jpg\"\r\n               title=\"\"\r\n               data-src=\"http:\/\/www.wow-media.com\/wp-content\/gallery\/blrampradiodienst\/imgp0256.jpg\"\r\n               data-thumbnail=\"http:\/\/www.wow-media.com\/wp-content\/gallery\/blrampradiodienst\/thumbs\/thumbs_imgp0256.jpg\"\r\n               data-image-id=\"43\"\r\n               data-title=\"imgp0256\"\r\n               data-description=\"\"\r\n               data-image-slug=\"imgp0256\"\r\n               class=\"shutterset_22c690e933290f2b9bb4b42ccec4508a\">\r\n                <img\r\n                    title=\"imgp0256\"\r\n                    alt=\"imgp0256\"\r\n                    src=\"http:\/\/www.wow-media.com\/wp-content\/gallery\/blrampradiodienst\/thumbs\/thumbs_imgp0256.jpg\"\r\n                    width=\"100\"\r\n                    height=\"75\"\r\n                    style=\"max-width:100%;\"\r\n                \/>\r\n            <\/a>\r\n        <\/div>\r\n\t\t\t\t\t\t\t<\/div> \r\n\t\t\t\r\n                            \r\n\t\t\t\t<div id=\"ngg-image-2\" class=\"ngg-gallery-thumbnail-box\" >\r\n\t\t\t\t        <div class=\"ngg-gallery-thumbnail\">\r\n            <a href=\"http:\/\/www.wow-media.com\/wp-content\/gallery\/blrampradiodienst\/imgp0255.jpg\"\r\n               title=\"\"\r\n               data-src=\"http:\/\/www.wow-media.com\/wp-content\/gallery\/blrampradiodienst\/imgp0255.jpg\"\r\n               data-thumbnail=\"http:\/\/www.wow-media.com\/wp-content\/gallery\/blrampradiodienst\/thumbs\/thumbs_imgp0255.jpg\"\r\n               data-image-id=\"41\"\r\n               data-title=\"imgp0255\"\r\n               data-description=\"\"\r\n               data-image-slug=\"imgp0255\"\r\n               class=\"shutterset_22c690e933290f2b9bb4b42ccec4508a\">\r\n                <img\r\n                    title=\"imgp0255\"\r\n                    alt=\"imgp0255\"\r\n                    src=\"http:\/\/www.wow-media.com\/wp-content\/gallery\/blrampradiodienst\/thumbs\/thumbs_imgp0255.jpg\"\r\n                    width=\"100\"\r\n                    height=\"75\"\r\n                    style=\"max-width:100%;\"\r\n                \/>\r\n            <\/a>\r\n        <\/div>\r\n\t\t\t\t\t\t\t<\/div> \r\n\t\t\t\r\n                            \r\n\t\t\t\t<div id=\"ngg-image-3\" class=\"ngg-gallery-thumbnail-box\" >\r\n\t\t\t\t        <div class=\"ngg-gallery-thumbnail\">\r\n            <a href=\"http:\/\/www.wow-media.com\/wp-content\/gallery\/blrampradiodienst\/imgp0244.jpg\"\r\n               title=\"\"\r\n               data-src=\"http:\/\/www.wow-media.com\/wp-content\/gallery\/blrampradiodienst\/imgp0244.jpg\"\r\n               data-thumbnail=\"http:\/\/www.wow-media.com\/wp-content\/gallery\/blrampradiodienst\/thumbs\/thumbs_imgp0244.jpg\"\r\n               data-image-id=\"36\"\r\n               data-title=\"imgp0244\"\r\n               data-description=\"\"\r\n               data-image-slug=\"imgp0244\"\r\n               class=\"shutterset_22c690e933290f2b9bb4b42ccec4508a\">\r\n                <img\r\n                    title=\"imgp0244\"\r\n                    alt=\"imgp0244\"\r\n                    src=\"http:\/\/www.wow-media.com\/wp-content\/gallery\/blrampradiodienst\/thumbs\/thumbs_imgp0244.jpg\"\r\n                    width=\"100\"\r\n                    height=\"75\"\r\n                    style=\"max-width:100%;\"\r\n                \/>\r\n            <\/a>\r\n        <\/div>\r\n\t\t\t\t\t\t\t<\/div> \r\n\t\t\t\r\n                            \r\n\t\t\t\t<div id=\"ngg-image-4\" class=\"ngg-gallery-thumbnail-box\" >\r\n\t\t\t\t        <div class=\"ngg-gallery-thumbnail\">\r\n            <a href=\"http:\/\/www.wow-media.com\/wp-content\/gallery\/blrampradiodienst\/imgp0259.jpg\"\r\n               title=\"\"\r\n               data-src=\"http:\/\/www.wow-media.com\/wp-content\/gallery\/blrampradiodienst\/imgp0259.jpg\"\r\n               data-thumbnail=\"http:\/\/www.wow-media.com\/wp-content\/gallery\/blrampradiodienst\/thumbs\/thumbs_imgp0259.jpg\"\r\n               data-image-id=\"46\"\r\n               data-title=\"imgp0259\"\r\n               data-description=\"\"\r\n               data-image-slug=\"imgp0259\"\r\n               class=\"shutterset_22c690e933290f2b9bb4b42ccec4508a\">\r\n                <img\r\n                    title=\"imgp0259\"\r\n                    alt=\"imgp0259\"\r\n                    src=\"http:\/\/www.wow-media.com\/wp-content\/gallery\/blrampradiodienst\/thumbs\/thumbs_imgp0259.jpg\"\r\n                    width=\"100\"\r\n                    height=\"75\"\r\n                    style=\"max-width:100%;\"\r\n                \/>\r\n            <\/a>\r\n        <\/div>\r\n\t\t\t\t\t\t\t<\/div> \r\n\t\t\t\r\n                                    <br style=\"clear: both\" \/>\r\n                    \r\n\t\t\t\t<div id=\"ngg-image-5\" class=\"ngg-gallery-thumbnail-box\" >\r\n\t\t\t\t        <div class=\"ngg-gallery-thumbnail\">\r\n            <a href=\"http:\/\/www.wow-media.com\/wp-content\/gallery\/blrampradiodienst\/imgp0246.jpg\"\r\n               title=\"\"\r\n               data-src=\"http:\/\/www.wow-media.com\/wp-content\/gallery\/blrampradiodienst\/imgp0246.jpg\"\r\n               data-thumbnail=\"http:\/\/www.wow-media.com\/wp-content\/gallery\/blrampradiodienst\/thumbs\/thumbs_imgp0246.jpg\"\r\n               data-image-id=\"38\"\r\n               data-title=\"imgp0246\"\r\n               data-description=\"\"\r\n               data-image-slug=\"imgp0246\"\r\n               class=\"shutterset_22c690e933290f2b9bb4b42ccec4508a\">\r\n                <img\r\n                    title=\"imgp0246\"\r\n                    alt=\"imgp0246\"\r\n                    src=\"http:\/\/www.wow-media.com\/wp-content\/gallery\/blrampradiodienst\/thumbs\/thumbs_imgp0246.jpg\"\r\n                    width=\"100\"\r\n                    height=\"75\"\r\n                    style=\"max-width:100%;\"\r\n                \/>\r\n            <\/a>\r\n        <\/div>\r\n\t\t\t\t\t\t\t<\/div> \r\n\t\t\t\r\n                            \r\n\t\t\t\t<div id=\"ngg-image-6\" class=\"ngg-gallery-thumbnail-box\" >\r\n\t\t\t\t        <div class=\"ngg-gallery-thumbnail\">\r\n            <a href=\"http:\/\/www.wow-media.com\/wp-content\/gallery\/blrampradiodienst\/imgp0257.jpg\"\r\n               title=\"\"\r\n               data-src=\"http:\/\/www.wow-media.com\/wp-content\/gallery\/blrampradiodienst\/imgp0257.jpg\"\r\n               data-thumbnail=\"http:\/\/www.wow-media.com\/wp-content\/gallery\/blrampradiodienst\/thumbs\/thumbs_imgp0257.jpg\"\r\n               data-image-id=\"44\"\r\n               data-title=\"imgp0257\"\r\n               data-description=\"\"\r\n               data-image-slug=\"imgp0257\"\r\n               class=\"shutterset_22c690e933290f2b9bb4b42ccec4508a\">\r\n                <img\r\n                    title=\"imgp0257\"\r\n                    alt=\"imgp0257\"\r\n                    src=\"http:\/\/www.wow-media.com\/wp-content\/gallery\/blrampradiodienst\/thumbs\/thumbs_imgp0257.jpg\"\r\n                    width=\"100\"\r\n                    height=\"75\"\r\n                    style=\"max-width:100%;\"\r\n                \/>\r\n            <\/a>\r\n        <\/div>\r\n\t\t\t\t\t\t\t<\/div> \r\n\t\t\t\r\n                            \r\n\t\t\r\n\t\t<!-- Pagination -->\r\n\t<div class='ngg-clear'><\/div>\t<\/div>\r\n\n<h3>Audiobeispiele (2000 &#8211; 2005)<\/h3>\n<p>Weltnachrichten mit Verpackung (2005)<\/p>\n<p><a href=\"http:\/\/www.wow-media.com\/wp-content\/uploads\/2010\/10\/Nachrichten-mit-Verpackung.mp3\">Weltnachrichten mit Verpackung (2005)<\/a><\/p>\n<p>Sportnachrichten mit Verpackung (2002)<br \/>\n<a href=\"http:\/\/www.wow-media.com\/wp-content\/uploads\/2010\/10\/Sportnachrichten-mit-Verpackung.mp3\">Sportnachrichten mit Verpackung (2002)<\/a><\/p>\n<p>Beitrag mit Einspielungen zum Pfadfinderlager Inuit (2002)<\/p>\n<p><a href=\"http:\/\/www.wow-media.com\/wp-content\/uploads\/2010\/10\/Beitrag-Inuit-2002-verpackt.mp3\">Beitrag zum Pfadfinderlager Inuit (2002)<\/a><\/p>\n<p>Beitrag mit Einspielungen zum Theaterst\u00fcck Herr der Fliegen (2001)<\/p>\n<p><a href=\"http:\/\/www.wow-media.com\/wp-content\/uploads\/2010\/10\/Beitrag-Herr-der-Fliegen-verpackt1.mp3\">Beitrag zum St\u00fcck Herr der Fliegen (2001)<\/a><\/p>\n<h3>WFHB Community Radio, Bloomington, IN, USA<\/h3>\n<p><a href=\"http:\/\/www.wow-media.com\/wp-content\/uploads\/2010\/10\/Indiana-University-Article-2006.pdf\">Indiana Daily Student, 2006<\/a><\/p>\n<h3>Hospitanz im Nachrichtenstudio von RTL in New York (2004)<\/h3>\n<p><iframe loading=\"lazy\" src=\"http:\/\/player.vimeo.com\/video\/16150279?byline=0&amp;portrait=0\" frameborder=\"0\" width=\"400\" height=\"300\"><\/iframe><br \/>\n<iframe loading=\"lazy\" src=\"http:\/\/player.vimeo.com\/video\/16150341?byline=0&amp;portrait=0\" frameborder=\"0\" width=\"400\" height=\"300\"><\/iframe><\/p>\n","protected":false},"excerpt":{"rendered":"<p>Redakteur bei ARD-aktuell in Hamburg Einsatz in Kiel bei der Landtagswahl in Schleswig-Holstein am 06. Mai 2012 &nbsp; Nachrichtensprecher bei BLR &amp; Radiodienst, M\u00fcnchen Audiobeispiele (2000 &#8211; 2005) Weltnachrichten mit Verpackung (2005) Weltnachrichten mit Verpackung (2005) Sportnachrichten mit Verpackung (2002) &hellip; <a href=\"http:\/\/www.wow-media.com\/?page_id=20\">Weiterlesen <span class=\"meta-nav\">&rarr;<\/span><\/a><\/p>\n","protected":false},"author":1,"featured_media":0,"parent":16,"menu_order":0,"comment_status":"closed","ping_status":"closed","template":"","meta":{"ngg_post_thumbnail":0},"_links":{"self":[{"href":"http:\/\/www.wow-media.com\/index.php?rest_route=\/wp\/v2\/pages\/20"}],"collection":[{"href":"http:\/\/www.wow-media.com\/index.php?rest_route=\/wp\/v2\/pages"}],"about":[{"href":"http:\/\/www.wow-media.com\/index.php?rest_route=\/wp\/v2\/types\/page"}],"author":[{"embeddable":true,"href":"http:\/\/www.wow-media.com\/index.php?rest_route=\/wp\/v2\/users\/1"}],"replies":[{"embeddable":true,"href":"http:\/\/www.wow-media.com\/index.php?rest_route=%2Fwp%2Fv2%2Fcomments&post=20"}],"version-history":[{"count":20,"href":"http:\/\/www.wow-media.com\/index.php?rest_route=\/wp\/v2\/pages\/20\/revisions"}],"predecessor-version":[{"id":77,"href":"http:\/\/www.wow-media.com\/index.php?rest_route=\/wp\/v2\/pages\/20\/revisions\/77"}],"up":[{"embeddable":true,"href":"http:\/\/www.wow-media.com\/index.php?rest_route=\/wp\/v2\/pages\/16"}],"wp:attachment":[{"href":"http:\/\/www.wow-media.com\/index.php?rest_route=%2Fwp%2Fv2%2Fmedia&parent=20"}],"curies":[{"name":"wp","href":"https:\/\/api.w.org\/{rel}","templated":true}]}}