{"id":16,"date":"2010-10-10T14:20:32","date_gmt":"2010-10-10T14:20:32","guid":{"rendered":"http:\/\/www.wow-media.com\/"},"modified":"2012-05-14T13:02:38","modified_gmt":"2012-05-14T13:02:38","slug":"referenzen","status":"publish","type":"page","link":"http:\/\/www.wow-media.com\/?page_id=16","title":{"rendered":"Referenzen"},"content":{"rendered":"<p>Seit 1999 arbeite ich als fester und inzwischen freier Journalist und Moderator. Bei diversen Stationen im Allg\u00e4u, in Bayern und inzwischen auch in Norddeutschland habe ich viele Projekte begleitet und entwickelt, aber auch dauerhafte Stellen besetzt.<\/p>\n<p>Auf den folgenden Seiten finden Sie einen \u00dcberblick \u00fcber die von mir geleisteten diversen T\u00e4tigkeiten. Ob Eventmoderation, PR-Strategien f\u00fcr Kulturveranstaltungen, unterhaltsame Sprecherdienste oder klassischen Nachrichtenjournalismus &#8211; ich helfe Ihnen gerne.<\/p>\n<p>Eine Auswahl meiner bisherigen Arbeitgeber:<\/p>\n<!-- index.php -->\r\n<div\r\n\tclass=\"ngg-galleryoverview ngg-ajax-pagination-none\"\r\n\tid=\"ngg-gallery-494ec624ba07781b4185bf0a86cd9396-1\">\r\n\r\n    \t\t<!-- Thumbnails -->\r\n\t\t\t\t<div id=\"ngg-image-0\" class=\"ngg-gallery-thumbnail-box\" >\r\n\t\t\t\t        <div class=\"ngg-gallery-thumbnail\">\r\n            <a href=\"http:\/\/www.wow-media.com\/wp-content\/gallery\/referenzen\/tagesschau.jpg\"\r\n               title=\"ARD-aktuell, Hamburg &lt;\/br&gt;\r\nNDR\/ARD-Design.\"\r\n               data-src=\"http:\/\/www.wow-media.com\/wp-content\/gallery\/referenzen\/tagesschau.jpg\"\r\n               data-thumbnail=\"http:\/\/www.wow-media.com\/wp-content\/gallery\/referenzen\/thumbs\/thumbs_tagesschau.jpg\"\r\n               data-image-id=\"202\"\r\n               data-title=\"ARD-aktuell, Hamburg\"\r\n               data-description=\"ARD-aktuell, Hamburg &lt;\/br&gt;\r\nNDR\/ARD-Design.\"\r\n               data-image-slug=\"ard-aktuell-hamburg-2\"\r\n               class=\"shutterset_494ec624ba07781b4185bf0a86cd9396\">\r\n                <img\r\n                    title=\"ARD-aktuell, Hamburg\"\r\n                    alt=\"ARD-aktuell, Hamburg\"\r\n                    src=\"http:\/\/www.wow-media.com\/wp-content\/gallery\/referenzen\/thumbs\/thumbs_tagesschau.jpg\"\r\n                    width=\"100\"\r\n                    height=\"75\"\r\n                    style=\"max-width:100%;\"\r\n                \/>\r\n            <\/a>\r\n        <\/div>\r\n\t\t\t\t\t\t\t<\/div> \r\n\t\t\t\r\n                            \r\n\t\t\t\t<div id=\"ngg-image-1\" class=\"ngg-gallery-thumbnail-box\" >\r\n\t\t\t\t        <div class=\"ngg-gallery-thumbnail\">\r\n            <a href=\"http:\/\/www.wow-media.com\/wp-content\/gallery\/referenzen\/blrundradiodienst.jpg\"\r\n               title=\"BLR &amp; Radiodienst, M\u00fcnchen\"\r\n               data-src=\"http:\/\/www.wow-media.com\/wp-content\/gallery\/referenzen\/blrundradiodienst.jpg\"\r\n               data-thumbnail=\"http:\/\/www.wow-media.com\/wp-content\/gallery\/referenzen\/thumbs\/thumbs_blrundradiodienst.jpg\"\r\n               data-image-id=\"1\"\r\n               data-title=\"BLR &amp; Radiodienst, M\u00fcnchen\"\r\n               data-description=\"BLR &amp; Radiodienst, M\u00fcnchen\"\r\n               data-image-slug=\"blr-radiodienst-munchen\"\r\n               class=\"shutterset_494ec624ba07781b4185bf0a86cd9396\">\r\n                <img\r\n                    title=\"BLR &amp; Radiodienst, M\u00fcnchen\"\r\n                    alt=\"BLR &amp; Radiodienst, M\u00fcnchen\"\r\n                    src=\"http:\/\/www.wow-media.com\/wp-content\/gallery\/referenzen\/thumbs\/thumbs_blrundradiodienst.jpg\"\r\n                    width=\"100\"\r\n                    height=\"75\"\r\n                    style=\"max-width:100%;\"\r\n                \/>\r\n            <\/a>\r\n        <\/div>\r\n\t\t\t\t\t\t\t<\/div> \r\n\t\t\t\r\n                            \r\n\t\t\t\t<div id=\"ngg-image-2\" class=\"ngg-gallery-thumbnail-box\" >\r\n\t\t\t\t        <div class=\"ngg-gallery-thumbnail\">\r\n            <a href=\"http:\/\/www.wow-media.com\/wp-content\/gallery\/referenzen\/radio-ostallgau.jpg\"\r\n               title=\"Radio Ostallg\u00e4u, Kaufbeuren\"\r\n               data-src=\"http:\/\/www.wow-media.com\/wp-content\/gallery\/referenzen\/radio-ostallgau.jpg\"\r\n               data-thumbnail=\"http:\/\/www.wow-media.com\/wp-content\/gallery\/referenzen\/thumbs\/thumbs_radio-ostallgau.jpg\"\r\n               data-image-id=\"9\"\r\n               data-title=\"Radio Ostallg\u00e4u, Kaufbeuren\"\r\n               data-description=\"Radio Ostallg\u00e4u, Kaufbeuren\"\r\n               data-image-slug=\"radio-ostallgau-kaufbeuren\"\r\n               class=\"shutterset_494ec624ba07781b4185bf0a86cd9396\">\r\n                <img\r\n                    title=\"Radio Ostallg\u00e4u, Kaufbeuren\"\r\n                    alt=\"Radio Ostallg\u00e4u, Kaufbeuren\"\r\n                    src=\"http:\/\/www.wow-media.com\/wp-content\/gallery\/referenzen\/thumbs\/thumbs_radio-ostallgau.jpg\"\r\n                    width=\"100\"\r\n                    height=\"75\"\r\n                    style=\"max-width:100%;\"\r\n                \/>\r\n            <\/a>\r\n        <\/div>\r\n\t\t\t\t\t\t\t<\/div> \r\n\t\t\t\r\n                            \r\n\t\t\t\t<div id=\"ngg-image-3\" class=\"ngg-gallery-thumbnail-box\" >\r\n\t\t\t\t        <div class=\"ngg-gallery-thumbnail\">\r\n            <a href=\"http:\/\/www.wow-media.com\/wp-content\/gallery\/referenzen\/wfhblogo913.gif\"\r\n               title=\"WFHB Community Radio, Bloomington, USA\"\r\n               data-src=\"http:\/\/www.wow-media.com\/wp-content\/gallery\/referenzen\/wfhblogo913.gif\"\r\n               data-thumbnail=\"http:\/\/www.wow-media.com\/wp-content\/gallery\/referenzen\/thumbs\/thumbs_wfhblogo913.gif\"\r\n               data-image-id=\"8\"\r\n               data-title=\"WFHB Community Radio, Bloomington, USA\"\r\n               data-description=\"WFHB Community Radio, Bloomington, USA\"\r\n               data-image-slug=\"wfhb-community-radio-bloomington-usa\"\r\n               class=\"shutterset_494ec624ba07781b4185bf0a86cd9396\">\r\n                <img\r\n                    title=\"WFHB Community Radio, Bloomington, USA\"\r\n                    alt=\"WFHB Community Radio, Bloomington, USA\"\r\n                    src=\"http:\/\/www.wow-media.com\/wp-content\/gallery\/referenzen\/thumbs\/thumbs_wfhblogo913.gif\"\r\n                    width=\"100\"\r\n                    height=\"75\"\r\n                    style=\"max-width:100%;\"\r\n                \/>\r\n            <\/a>\r\n        <\/div>\r\n\t\t\t\t\t\t\t<\/div> \r\n\t\t\t\r\n                            \r\n\t\t\t\t<div id=\"ngg-image-4\" class=\"ngg-gallery-thumbnail-box\" >\r\n\t\t\t\t        <div class=\"ngg-gallery-thumbnail\">\r\n            <a href=\"http:\/\/www.wow-media.com\/wp-content\/gallery\/referenzen\/designgruppekoop.jpg\"\r\n               title=\"designgruppe.koop, Nesselwang\"\r\n               data-src=\"http:\/\/www.wow-media.com\/wp-content\/gallery\/referenzen\/designgruppekoop.jpg\"\r\n               data-thumbnail=\"http:\/\/www.wow-media.com\/wp-content\/gallery\/referenzen\/thumbs\/thumbs_designgruppekoop.jpg\"\r\n               data-image-id=\"15\"\r\n               data-title=\"designgruppe.koop, Nesselwang\"\r\n               data-description=\"designgruppe.koop, Nesselwang\"\r\n               data-image-slug=\"designgruppe-koop-nesselwang\"\r\n               class=\"shutterset_494ec624ba07781b4185bf0a86cd9396\">\r\n                <img\r\n                    title=\"designgruppe.koop, Nesselwang\"\r\n                    alt=\"designgruppe.koop, Nesselwang\"\r\n                    src=\"http:\/\/www.wow-media.com\/wp-content\/gallery\/referenzen\/thumbs\/thumbs_designgruppekoop.jpg\"\r\n                    width=\"100\"\r\n                    height=\"75\"\r\n                    style=\"max-width:100%;\"\r\n                \/>\r\n            <\/a>\r\n        <\/div>\r\n\t\t\t\t\t\t\t<\/div> \r\n\t\t\t\r\n                                    <br style=\"clear: both\" \/>\r\n                    \r\n\t\t\t\t<div id=\"ngg-image-5\" class=\"ngg-gallery-thumbnail-box\" >\r\n\t\t\t\t        <div class=\"ngg-gallery-thumbnail\">\r\n            <a href=\"http:\/\/www.wow-media.com\/wp-content\/gallery\/referenzen\/herzenssache.jpg\"\r\n               title=\"Brautmoden Herzenssache, Wessobrunn\"\r\n               data-src=\"http:\/\/www.wow-media.com\/wp-content\/gallery\/referenzen\/herzenssache.jpg\"\r\n               data-thumbnail=\"http:\/\/www.wow-media.com\/wp-content\/gallery\/referenzen\/thumbs\/thumbs_herzenssache.jpg\"\r\n               data-image-id=\"16\"\r\n               data-title=\"Brautmoden Herzenssache, Wessobrunn\"\r\n               data-description=\"Brautmoden Herzenssache, Wessobrunn\"\r\n               data-image-slug=\"brautmoden-herzenssache-wessobrunn\"\r\n               class=\"shutterset_494ec624ba07781b4185bf0a86cd9396\">\r\n                <img\r\n                    title=\"Brautmoden Herzenssache, Wessobrunn\"\r\n                    alt=\"Brautmoden Herzenssache, Wessobrunn\"\r\n                    src=\"http:\/\/www.wow-media.com\/wp-content\/gallery\/referenzen\/thumbs\/thumbs_herzenssache.jpg\"\r\n                    width=\"100\"\r\n                    height=\"74\"\r\n                    style=\"max-width:100%;\"\r\n                \/>\r\n            <\/a>\r\n        <\/div>\r\n\t\t\t\t\t\t\t<\/div> \r\n\t\t\t\r\n                            \r\n\t\t\t\t<div id=\"ngg-image-6\" class=\"ngg-gallery-thumbnail-box\" >\r\n\t\t\t\t        <div class=\"ngg-gallery-thumbnail\">\r\n            <a href=\"http:\/\/www.wow-media.com\/wp-content\/gallery\/referenzen\/scherdi.jpg\"\r\n               title=\"Blumen &amp; Garten Welt Scherdi, Landsberg\"\r\n               data-src=\"http:\/\/www.wow-media.com\/wp-content\/gallery\/referenzen\/scherdi.jpg\"\r\n               data-thumbnail=\"http:\/\/www.wow-media.com\/wp-content\/gallery\/referenzen\/thumbs\/thumbs_scherdi.jpg\"\r\n               data-image-id=\"17\"\r\n               data-title=\"Blumen &amp; Garten Welt Scherdi, Landsberg\"\r\n               data-description=\"Blumen &amp; Garten Welt Scherdi, Landsberg\"\r\n               data-image-slug=\"blumen-garten-welt-scherdi-landsberg\"\r\n               class=\"shutterset_494ec624ba07781b4185bf0a86cd9396\">\r\n                <img\r\n                    title=\"Blumen &amp; Garten Welt Scherdi, Landsberg\"\r\n                    alt=\"Blumen &amp; Garten Welt Scherdi, Landsberg\"\r\n                    src=\"http:\/\/www.wow-media.com\/wp-content\/gallery\/referenzen\/thumbs\/thumbs_scherdi.jpg\"\r\n                    width=\"100\"\r\n                    height=\"74\"\r\n                    style=\"max-width:100%;\"\r\n                \/>\r\n            <\/a>\r\n        <\/div>\r\n\t\t\t\t\t\t\t<\/div> \r\n\t\t\t\r\n                            \r\n\t\t\t\t<div id=\"ngg-image-7\" class=\"ngg-gallery-thumbnail-box\" >\r\n\t\t\t\t        <div class=\"ngg-gallery-thumbnail\">\r\n            <a href=\"http:\/\/www.wow-media.com\/wp-content\/gallery\/referenzen\/kulturwerkstatt2.jpg\"\r\n               title=\"Kulturwerkstatt, Kaufbeuren\"\r\n               data-src=\"http:\/\/www.wow-media.com\/wp-content\/gallery\/referenzen\/kulturwerkstatt2.jpg\"\r\n               data-thumbnail=\"http:\/\/www.wow-media.com\/wp-content\/gallery\/referenzen\/thumbs\/thumbs_kulturwerkstatt2.jpg\"\r\n               data-image-id=\"18\"\r\n               data-title=\"Kulturwerkstatt, Kaufbeuren\"\r\n               data-description=\"Kulturwerkstatt, Kaufbeuren\"\r\n               data-image-slug=\"kulturwerkstatt-kaufbeuren\"\r\n               class=\"shutterset_494ec624ba07781b4185bf0a86cd9396\">\r\n                <img\r\n                    title=\"Kulturwerkstatt, Kaufbeuren\"\r\n                    alt=\"Kulturwerkstatt, Kaufbeuren\"\r\n                    src=\"http:\/\/www.wow-media.com\/wp-content\/gallery\/referenzen\/thumbs\/thumbs_kulturwerkstatt2.jpg\"\r\n                    width=\"100\"\r\n                    height=\"74\"\r\n                    style=\"max-width:100%;\"\r\n                \/>\r\n            <\/a>\r\n        <\/div>\r\n\t\t\t\t\t\t\t<\/div> \r\n\t\t\t\r\n                            \r\n\t\t\t\t<div id=\"ngg-image-8\" class=\"ngg-gallery-thumbnail-box\" >\r\n\t\t\t\t        <div class=\"ngg-gallery-thumbnail\">\r\n            <a href=\"http:\/\/www.wow-media.com\/wp-content\/gallery\/referenzen\/cultusproduction.jpg\"\r\n               title=\"Cultus Production, F\u00fcssen\"\r\n               data-src=\"http:\/\/www.wow-media.com\/wp-content\/gallery\/referenzen\/cultusproduction.jpg\"\r\n               data-thumbnail=\"http:\/\/www.wow-media.com\/wp-content\/gallery\/referenzen\/thumbs\/thumbs_cultusproduction.jpg\"\r\n               data-image-id=\"19\"\r\n               data-title=\"Cultus Production, F\u00fcssen\"\r\n               data-description=\"Cultus Production, F\u00fcssen\"\r\n               data-image-slug=\"cultus-production-fussen\"\r\n               class=\"shutterset_494ec624ba07781b4185bf0a86cd9396\">\r\n                <img\r\n                    title=\"Cultus Production, F\u00fcssen\"\r\n                    alt=\"Cultus Production, F\u00fcssen\"\r\n                    src=\"http:\/\/www.wow-media.com\/wp-content\/gallery\/referenzen\/thumbs\/thumbs_cultusproduction.jpg\"\r\n                    width=\"100\"\r\n                    height=\"75\"\r\n                    style=\"max-width:100%;\"\r\n                \/>\r\n            <\/a>\r\n        <\/div>\r\n\t\t\t\t\t\t\t<\/div> \r\n\t\t\t\r\n                            \r\n\t\t\t\t<div id=\"ngg-image-9\" class=\"ngg-gallery-thumbnail-box\" >\r\n\t\t\t\t        <div class=\"ngg-gallery-thumbnail\">\r\n            <a href=\"http:\/\/www.wow-media.com\/wp-content\/gallery\/referenzen\/koekulturwoche2.jpg\"\r\n               title=\"K\u00f6nigliche Kulturwoche, F\u00fcssen\"\r\n               data-src=\"http:\/\/www.wow-media.com\/wp-content\/gallery\/referenzen\/koekulturwoche2.jpg\"\r\n               data-thumbnail=\"http:\/\/www.wow-media.com\/wp-content\/gallery\/referenzen\/thumbs\/thumbs_koekulturwoche2.jpg\"\r\n               data-image-id=\"3\"\r\n               data-title=\"K\u00f6nigliche Kulturwoche, F\u00fcssen\"\r\n               data-description=\"K\u00f6nigliche Kulturwoche, F\u00fcssen\"\r\n               data-image-slug=\"konigliche-kulturwoche-fussen\"\r\n               class=\"shutterset_494ec624ba07781b4185bf0a86cd9396\">\r\n                <img\r\n                    title=\"K\u00f6nigliche Kulturwoche, F\u00fcssen\"\r\n                    alt=\"K\u00f6nigliche Kulturwoche, F\u00fcssen\"\r\n                    src=\"http:\/\/www.wow-media.com\/wp-content\/gallery\/referenzen\/thumbs\/thumbs_koekulturwoche2.jpg\"\r\n                    width=\"100\"\r\n                    height=\"74\"\r\n                    style=\"max-width:100%;\"\r\n                \/>\r\n            <\/a>\r\n        <\/div>\r\n\t\t\t\t\t\t\t<\/div> \r\n\t\t\t\r\n                                    <br style=\"clear: both\" \/>\r\n                    \r\n\t\t\t\t<div id=\"ngg-image-10\" class=\"ngg-gallery-thumbnail-box\" >\r\n\t\t\t\t        <div class=\"ngg-gallery-thumbnail\">\r\n            <a href=\"http:\/\/www.wow-media.com\/wp-content\/gallery\/referenzen\/kultursommergp.jpg\"\r\n               title=\"Kultursommer, Garmisch-Partenkirchen\"\r\n               data-src=\"http:\/\/www.wow-media.com\/wp-content\/gallery\/referenzen\/kultursommergp.jpg\"\r\n               data-thumbnail=\"http:\/\/www.wow-media.com\/wp-content\/gallery\/referenzen\/thumbs\/thumbs_kultursommergp.jpg\"\r\n               data-image-id=\"5\"\r\n               data-title=\"Kultursommer, Garmisch-Partenkirchen\"\r\n               data-description=\"Kultursommer, Garmisch-Partenkirchen\"\r\n               data-image-slug=\"kultursommer-garmisch-partenkirchen\"\r\n               class=\"shutterset_494ec624ba07781b4185bf0a86cd9396\">\r\n                <img\r\n                    title=\"Kultursommer, Garmisch-Partenkirchen\"\r\n                    alt=\"Kultursommer, Garmisch-Partenkirchen\"\r\n                    src=\"http:\/\/www.wow-media.com\/wp-content\/gallery\/referenzen\/thumbs\/thumbs_kultursommergp.jpg\"\r\n                    width=\"100\"\r\n                    height=\"74\"\r\n                    style=\"max-width:100%;\"\r\n                \/>\r\n            <\/a>\r\n        <\/div>\r\n\t\t\t\t\t\t\t<\/div> \r\n\t\t\t\r\n                            \r\n\t\t\r\n\t\t<!-- Pagination -->\r\n\t<div class='ngg-clear'><\/div>\t<\/div>\r\n\n<p>&nbsp;<\/p>\n<p>Referenzen strukturiert nach Kompetenzen:<br \/>\n&#8211; <a title=\"Referenzen - Journalismus\" href=\"http:\/\/www.wow-media.com\/?page_id=20\" target=\"_blank\">Journalismus<\/a><br \/>\n&#8211; <a title=\"Referenzen - Moderation\" href=\"http:\/\/www.wow-media.com\/?page_id=22\" target=\"_blank\">Moderation<\/a><br \/>\n&#8211; <a title=\"Referenzen - \u00d6ffentlichkeitsarbeit\" href=\"http:\/\/www.wow-media.com\/?page_id=24\" target=\"_blank\">\u00d6ffentlichkeitsarbeit<\/a><\/p>\n","protected":false},"excerpt":{"rendered":"<p>Seit 1999 arbeite ich als fester und inzwischen freier Journalist und Moderator. Bei diversen Stationen im Allg\u00e4u, in Bayern und inzwischen auch in Norddeutschland habe ich viele Projekte begleitet und entwickelt, aber auch dauerhafte Stellen besetzt. Auf den folgenden Seiten &hellip; <a href=\"http:\/\/www.wow-media.com\/?page_id=16\">Weiterlesen <span class=\"meta-nav\">&rarr;<\/span><\/a><\/p>\n","protected":false},"author":1,"featured_media":0,"parent":0,"menu_order":1,"comment_status":"closed","ping_status":"open","template":"","meta":{"ngg_post_thumbnail":0},"_links":{"self":[{"href":"http:\/\/www.wow-media.com\/index.php?rest_route=\/wp\/v2\/pages\/16"}],"collection":[{"href":"http:\/\/www.wow-media.com\/index.php?rest_route=\/wp\/v2\/pages"}],"about":[{"href":"http:\/\/www.wow-media.com\/index.php?rest_route=\/wp\/v2\/types\/page"}],"author":[{"embeddable":true,"href":"http:\/\/www.wow-media.com\/index.php?rest_route=\/wp\/v2\/users\/1"}],"replies":[{"embeddable":true,"href":"http:\/\/www.wow-media.com\/index.php?rest_route=%2Fwp%2Fv2%2Fcomments&post=16"}],"version-history":[{"count":11,"href":"http:\/\/www.wow-media.com\/index.php?rest_route=\/wp\/v2\/pages\/16\/revisions"}],"predecessor-version":[{"id":66,"href":"http:\/\/www.wow-media.com\/index.php?rest_route=\/wp\/v2\/pages\/16\/revisions\/66"}],"wp:attachment":[{"href":"http:\/\/www.wow-media.com\/index.php?rest_route=%2Fwp%2Fv2%2Fmedia&parent=16"}],"curies":[{"name":"wp","href":"https:\/\/api.w.org\/{rel}","templated":true}]}}